{"id":705,"date":"2021-09-07T09:56:29","date_gmt":"2021-09-07T09:56:29","guid":{"rendered":"https:\/\/blank.pt\/?page_id=705"},"modified":"2025-01-21T17:48:37","modified_gmt":"2025-01-21T17:48:37","slug":"sustentabilidade","status":"publish","type":"page","link":"https:\/\/blank.pt\/en\/sustentabilidade\/","title":{"rendered":"Sustainability"},"content":{"rendered":"\t\t<div data-elementor-type=\"wp-page\" data-elementor-id=\"705\" class=\"elementor elementor-705\">\n\t\t\t\t\t\t<section class=\"elementor-section elementor-top-section elementor-element elementor-element-f9ef05c elementor-section-height-min-height elementor-section-items-stretch elementor-section-content-bottom elementor-section-boxed elementor-section-height-default\" data-id=\"f9ef05c\" data-element_type=\"section\" data-e-type=\"section\" data-settings=\"{&quot;background_background&quot;:&quot;slideshow&quot;,&quot;background_slideshow_gallery&quot;:[{&quot;id&quot;:3724,&quot;url&quot;:&quot;https:\\\/\\\/blank.pt\\\/wp-content\\\/uploads\\\/2022\\\/08\\\/IMG_0046_1_1.jpg&quot;}],&quot;background_slideshow_slide_transition&quot;:&quot;slide_left&quot;,&quot;background_slideshow_transition_duration&quot;:1000,&quot;background_slideshow_loop&quot;:&quot;yes&quot;,&quot;background_slideshow_slide_duration&quot;:5000}\">\n\t\t\t\t\t\t\t<div class=\"elementor-background-overlay\"><\/div>\n\t\t\t\t\t\t\t<div class=\"elementor-container elementor-column-gap-default\">\n\t\t\t\t\t<div class=\"elementor-column elementor-col-100 elementor-top-column elementor-element elementor-element-54381ae\" data-id=\"54381ae\" data-element_type=\"column\" data-e-type=\"column\">\n\t\t\t<div class=\"elementor-widget-wrap elementor-element-populated\">\n\t\t\t\t\t\t<section class=\"elementor-section elementor-inner-section elementor-element elementor-element-426900b elementor-section-boxed elementor-section-height-default elementor-section-height-default\" data-id=\"426900b\" data-element_type=\"section\" data-e-type=\"section\">\n\t\t\t\t\t\t<div class=\"elementor-container elementor-column-gap-no\">\n\t\t\t\t\t<div class=\"elementor-column elementor-col-100 elementor-inner-column elementor-element elementor-element-7777fb2\" data-id=\"7777fb2\" data-element_type=\"column\" data-e-type=\"column\">\n\t\t\t<div class=\"elementor-widget-wrap elementor-element-populated\">\n\t\t\t\t\t\t<div class=\"elementor-element elementor-element-eab838f elementor-widget elementor-widget-heading\" data-id=\"eab838f\" data-element_type=\"widget\" data-e-type=\"widget\" data-widget_type=\"heading.default\">\n\t\t\t\t<div class=\"elementor-widget-container\">\n\t\t\t\t\t<h1 class=\"elementor-heading-title elementor-size-default\">SUSTENTABILIDADE<\/h1>\t\t\t\t<\/div>\n\t\t\t\t<\/div>\n\t\t\t\t\t<\/div>\n\t\t<\/div>\n\t\t\t\t\t<\/div>\n\t\t<\/section>\n\t\t\t\t<div class=\"elementor-element elementor-element-fc62fa7 elementor-view-default elementor-invisible elementor-widget elementor-widget-icon\" data-id=\"fc62fa7\" data-element_type=\"widget\" data-e-type=\"widget\" data-settings=\"{&quot;_animation&quot;:&quot;fadeInUp&quot;}\" data-widget_type=\"icon.default\">\n\t\t\t\t<div class=\"elementor-widget-container\">\n\t\t\t\t\t\t\t<div class=\"elementor-icon-wrapper\">\n\t\t\t<a class=\"elementor-icon elementor-animation-sink\" href=\"https:\/\/blank.pt\/sustentabilidade\/#top\">\n\t\t\t<i aria-hidden=\"true\" class=\"icon icon-down-arrow1\"><\/i>\t\t\t<\/a>\n\t\t<\/div>\n\t\t\t\t\t\t<\/div>\n\t\t\t\t<\/div>\n\t\t\t\t\t<\/div>\n\t\t<\/div>\n\t\t\t\t\t<\/div>\n\t\t<\/section>\n\t\t\t\t<section class=\"elementor-section elementor-top-section elementor-element elementor-element-6ff24dd elementor-section-full_width elementor-section-height-min-height elementor-section-height-default elementor-section-items-middle\" data-id=\"6ff24dd\" data-element_type=\"section\" data-e-type=\"section\" id=\"top\" data-settings=\"{&quot;background_background&quot;:&quot;classic&quot;}\">\n\t\t\t\t\t\t<div class=\"elementor-container elementor-column-gap-default\">\n\t\t\t\t\t<div class=\"elementor-column elementor-col-100 elementor-top-column elementor-element elementor-element-b727839\" data-id=\"b727839\" data-element_type=\"column\" data-e-type=\"column\">\n\t\t\t<div class=\"elementor-widget-wrap elementor-element-populated\">\n\t\t\t\t\t\t<div class=\"elementor-element elementor-element-ac21151 elementor-widget-mobile__width-initial elementor-widget elementor-widget-heading\" data-id=\"ac21151\" data-element_type=\"widget\" data-e-type=\"widget\" data-widget_type=\"heading.default\">\n\t\t\t\t<div class=\"elementor-widget-container\">\n\t\t\t\t\t<h2 class=\"elementor-heading-title elementor-size-default\">O futuro \u00e9 o presente<\/h2>\t\t\t\t<\/div>\n\t\t\t\t<\/div>\n\t\t\t\t<div class=\"elementor-element elementor-element-5101b15 elementor-widget-mobile__width-initial elementor-widget elementor-widget-text-editor\" data-id=\"5101b15\" data-element_type=\"widget\" data-e-type=\"widget\" data-widget_type=\"text-editor.default\">\n\t\t\t\t<div class=\"elementor-widget-container\">\n\t\t\t\t\t\t\t\t\t<p style=\"text-align: center;\">A reciclagem e a responsabilidade social, ambiental e econ\u00f3mica foram, no passado, conceitos que ajudavam a resumir uma vis\u00e3o sustent\u00e1vel do nosso futuro. Hoje, por\u00e9m, s\u00e3o valores omnipresentes no nosso dia-a-dia. Esta preocupa\u00e7\u00e3o reflete-se na nossa forma de estar, e tem um impacto profundo na forma como planeamos todas as \u00e1reas da nossa atividade.<\/p>\t\t\t\t\t\t\t\t<\/div>\n\t\t\t\t<\/div>\n\t\t\t\t\t<\/div>\n\t\t<\/div>\n\t\t\t\t\t<\/div>\n\t\t<\/section>\n\t\t\t\t<section class=\"elementor-section elementor-top-section elementor-element elementor-element-9a1f157 elementor-section-height-min-height elementor-section-boxed elementor-section-height-default elementor-section-items-middle\" data-id=\"9a1f157\" data-element_type=\"section\" data-e-type=\"section\" data-settings=\"{&quot;background_background&quot;:&quot;classic&quot;}\">\n\t\t\t\t\t\t\t<div class=\"elementor-background-overlay\"><\/div>\n\t\t\t\t\t\t\t<div class=\"elementor-container elementor-column-gap-default\">\n\t\t\t\t\t<div class=\"elementor-column elementor-col-50 elementor-top-column elementor-element elementor-element-d040c40\" data-id=\"d040c40\" data-element_type=\"column\" data-e-type=\"column\">\n\t\t\t<div class=\"elementor-widget-wrap elementor-element-populated\">\n\t\t\t\t\t\t<div class=\"elementor-element elementor-element-f4e1304 elementor-widget-mobile__width-initial elementor-widget elementor-widget-heading\" data-id=\"f4e1304\" data-element_type=\"widget\" data-e-type=\"widget\" data-widget_type=\"heading.default\">\n\t\t\t\t<div class=\"elementor-widget-container\">\n\t\t\t\t\t<h2 class=\"elementor-heading-title elementor-size-default\">Qualidade local<\/h2>\t\t\t\t<\/div>\n\t\t\t\t<\/div>\n\t\t\t\t<div class=\"elementor-element elementor-element-1856b3d elementor-widget-mobile__width-initial elementor-widget elementor-widget-text-editor\" data-id=\"1856b3d\" data-element_type=\"widget\" data-e-type=\"widget\" data-widget_type=\"text-editor.default\">\n\t\t\t\t<div class=\"elementor-widget-container\">\n\t\t\t\t\t\t\t\t\t<div>De uma filosofia de responsabilidade para com o desenvolvimento da regi\u00e3o, e pela diversidade e qualidade dos produtos dispon\u00edveis, surge a prefer\u00eancia natural pela utiliza\u00e7\u00e3o de ingredientes de proveni\u00eancia local.<\/div><div>\u00a0<\/div><p>Conscientes da import\u00e2ncia de um processo de desperd\u00edcio m\u00ednimo, implementamos pr\u00e1ticas di\u00e1rias de aproveitamento da mat\u00e9ria-prima, na confe\u00e7\u00e3o dos mais diversos elementos dos nossos pratos. Acreditamos que a cozinha que apresentamos beneficia desta vis\u00e3o, que \u00e9 assim elevada por solu\u00e7\u00f5es j\u00e1 de si <em>premium<\/em>, no paladar e na apresenta\u00e7\u00e3o.<\/p>\t\t\t\t\t\t\t\t<\/div>\n\t\t\t\t<\/div>\n\t\t\t\t\t<\/div>\n\t\t<\/div>\n\t\t\t\t<div class=\"elementor-column elementor-col-50 elementor-top-column elementor-element elementor-element-4f05e64\" data-id=\"4f05e64\" data-element_type=\"column\" data-e-type=\"column\">\n\t\t\t<div class=\"elementor-widget-wrap\">\n\t\t\t\t\t\t\t<\/div>\n\t\t<\/div>\n\t\t\t\t\t<\/div>\n\t\t<\/section>\n\t\t\t\t<section class=\"elementor-section elementor-top-section elementor-element elementor-element-23eec72 elementor-section-height-min-height elementor-section-boxed elementor-section-height-default elementor-section-items-middle\" data-id=\"23eec72\" data-element_type=\"section\" data-e-type=\"section\" data-settings=\"{&quot;background_background&quot;:&quot;classic&quot;}\">\n\t\t\t\t\t\t\t<div class=\"elementor-background-overlay\"><\/div>\n\t\t\t\t\t\t\t<div class=\"elementor-container elementor-column-gap-default\">\n\t\t\t\t\t<div class=\"elementor-column elementor-col-50 elementor-top-column elementor-element elementor-element-bad66f8\" data-id=\"bad66f8\" data-element_type=\"column\" data-e-type=\"column\">\n\t\t\t<div class=\"elementor-widget-wrap\">\n\t\t\t\t\t\t\t<\/div>\n\t\t<\/div>\n\t\t\t\t<div class=\"elementor-column elementor-col-50 elementor-top-column elementor-element elementor-element-2a952a3\" data-id=\"2a952a3\" data-element_type=\"column\" data-e-type=\"column\">\n\t\t\t<div class=\"elementor-widget-wrap elementor-element-populated\">\n\t\t\t\t\t\t<div class=\"elementor-element elementor-element-374df0e elementor-widget-mobile__width-initial elementor-widget elementor-widget-heading\" data-id=\"374df0e\" data-element_type=\"widget\" data-e-type=\"widget\" data-widget_type=\"heading.default\">\n\t\t\t\t<div class=\"elementor-widget-container\">\n\t\t\t\t\t<h2 class=\"elementor-heading-title elementor-size-default\">Renovar<\/h2>\t\t\t\t<\/div>\n\t\t\t\t<\/div>\n\t\t\t\t<div class=\"elementor-element elementor-element-322f734 elementor-widget-mobile__width-initial elementor-widget elementor-widget-text-editor\" data-id=\"322f734\" data-element_type=\"widget\" data-e-type=\"widget\" data-widget_type=\"text-editor.default\">\n\t\t\t\t<div class=\"elementor-widget-container\">\n\t\t\t\t\t\t\t\t\t<div><p>Sentimos que podemos fazer parte da mudan\u00e7a, desde os materiais que utilizamos para as nossas embalagens (entre cart\u00e3o e material compost\u00e1vel), aos eco pontos de que dispomos para utiliza\u00e7\u00e3o pr\u00f3pria. Da compostagem atrav\u00e9s do aproveitamento das sobras org\u00e2nicas, \u00e0 separa\u00e7\u00e3o, tratamento e reaproveitamento dos \u00f3leos utilizados na cozinha, para utiliza\u00e7\u00e3o em material de limpeza, biol\u00f3gico e n\u00e3o agressivo para o ambiente.<\/p><\/div><div>Reciclar e reaproveitar, potenciando um ciclo sustent\u00e1vel e amigo do ambiente, faz parte de n\u00f3s.<\/div>\t\t\t\t\t\t\t\t<\/div>\n\t\t\t\t<\/div>\n\t\t\t\t\t<\/div>\n\t\t<\/div>\n\t\t\t\t\t<\/div>\n\t\t<\/section>\n\t\t\t\t<section class=\"elementor-section elementor-top-section elementor-element elementor-element-ff77242 elementor-section-height-min-height elementor-section-boxed elementor-section-height-default elementor-section-items-middle\" data-id=\"ff77242\" data-element_type=\"section\" data-e-type=\"section\" data-settings=\"{&quot;background_background&quot;:&quot;classic&quot;}\">\n\t\t\t\t\t\t\t<div class=\"elementor-background-overlay\"><\/div>\n\t\t\t\t\t\t\t<div class=\"elementor-container elementor-column-gap-default\">\n\t\t\t\t\t<div class=\"elementor-column elementor-col-50 elementor-top-column elementor-element elementor-element-59f3e84\" data-id=\"59f3e84\" data-element_type=\"column\" data-e-type=\"column\">\n\t\t\t<div class=\"elementor-widget-wrap elementor-element-populated\">\n\t\t\t\t\t\t<div class=\"elementor-element elementor-element-92a28eb elementor-widget-mobile__width-initial elementor-widget elementor-widget-heading\" data-id=\"92a28eb\" data-element_type=\"widget\" data-e-type=\"widget\" data-widget_type=\"heading.default\">\n\t\t\t\t<div class=\"elementor-widget-container\">\n\t\t\t\t\t<h2 class=\"elementor-heading-title elementor-size-default\">Sede ecol\u00f3gica<\/h2>\t\t\t\t<\/div>\n\t\t\t\t<\/div>\n\t\t\t\t<div class=\"elementor-element elementor-element-0ea1cc6 elementor-widget-mobile__width-initial elementor-widget elementor-widget-text-editor\" data-id=\"0ea1cc6\" data-element_type=\"widget\" data-e-type=\"widget\" data-widget_type=\"text-editor.default\">\n\t\t\t\t<div class=\"elementor-widget-container\">\n\t\t\t\t\t\t\t\t\t<div>As instala\u00e7\u00f5es Blank foram pensadas tendo como objetivo a efici\u00eancia energ\u00e9tica de todo o edif\u00edcio e os equipamentos nele presentes, tendo sido implementado um circuito de eletricidade e \u00e1gua que ajudam a proporcionar um sistema de energia mais limpa e sustent\u00e1vel.<\/div><div>\u00a0<\/div><div>Na grande maioria dos espa\u00e7os de trabalho, a exist\u00eancia de luz natural reflete-se, n\u00e3o apenas num melhor ambiente para trabalhar, mas num menor consumo de energia &#8211; e quando este inevitavelmente existe, \u00e9 atrav\u00e9s de luzes LED de alta efici\u00eancia. No topo do edif\u00edcio, o calor gerado pelo motor de refrigera\u00e7\u00e3o \u00e9 utilizado para aquecer as \u00e1guas utilizadas &#8211; e quando este n\u00e3o \u00e9 suficiente, a energia solar entra em a\u00e7\u00e3o.<\/div>\t\t\t\t\t\t\t\t<\/div>\n\t\t\t\t<\/div>\n\t\t\t\t\t<\/div>\n\t\t<\/div>\n\t\t\t\t<div class=\"elementor-column elementor-col-50 elementor-top-column elementor-element elementor-element-1fc215a\" data-id=\"1fc215a\" data-element_type=\"column\" data-e-type=\"column\">\n\t\t\t<div class=\"elementor-widget-wrap\">\n\t\t\t\t\t\t\t<\/div>\n\t\t<\/div>\n\t\t\t\t\t<\/div>\n\t\t<\/section>\n\t\t\t\t<section class=\"elementor-section elementor-top-section elementor-element elementor-element-0e330cf elementor-section-boxed elementor-section-height-default elementor-section-height-default\" data-id=\"0e330cf\" data-element_type=\"section\" data-e-type=\"section\" data-settings=\"{&quot;background_background&quot;:&quot;classic&quot;}\">\n\t\t\t\t\t\t<div class=\"elementor-container elementor-column-gap-default\">\n\t\t\t\t\t<div class=\"elementor-column elementor-col-100 elementor-top-column elementor-element elementor-element-a201178\" data-id=\"a201178\" data-element_type=\"column\" data-e-type=\"column\">\n\t\t\t<div class=\"elementor-widget-wrap elementor-element-populated\">\n\t\t\t\t\t\t<section class=\"elementor-section elementor-inner-section elementor-element elementor-element-10464c1 elementor-section-full_width animated-slow elementor-section-height-default elementor-section-height-default elementor-invisible\" data-id=\"10464c1\" data-element_type=\"section\" data-e-type=\"section\" data-settings=\"{&quot;background_background&quot;:&quot;classic&quot;,&quot;animation&quot;:&quot;slideInUp&quot;}\">\n\t\t\t\t\t\t<div class=\"elementor-container elementor-column-gap-default\">\n\t\t\t\t\t<div class=\"elementor-column elementor-col-100 elementor-inner-column elementor-element elementor-element-a4a6232\" data-id=\"a4a6232\" data-element_type=\"column\" data-e-type=\"column\" data-settings=\"{&quot;background_background&quot;:&quot;classic&quot;}\">\n\t\t\t<div class=\"elementor-widget-wrap elementor-element-populated\">\n\t\t\t\t\t<div class=\"elementor-background-overlay\"><\/div>\n\t\t\t\t\t\t<div class=\"elementor-element elementor-element-7f80bf9 elementor-widget elementor-widget-heading\" data-id=\"7f80bf9\" data-element_type=\"widget\" data-e-type=\"widget\" data-widget_type=\"heading.default\">\n\t\t\t\t<div class=\"elementor-widget-container\">\n\t\t\t\t\t<h2 class=\"elementor-heading-title elementor-size-default\">SAIBA MAIS<\/h2>\t\t\t\t<\/div>\n\t\t\t\t<\/div>\n\t\t\t\t<div class=\"elementor-element elementor-element-46df183 elementor-widget elementor-widget-heading\" data-id=\"46df183\" data-element_type=\"widget\" data-e-type=\"widget\" data-widget_type=\"heading.default\">\n\t\t\t\t<div class=\"elementor-widget-container\">\n\t\t\t\t\t<h3 class=\"elementor-heading-title elementor-size-default\">TODOS OS PORMENORES, PENSADOS POR N\u00d3S, PARA SI<\/h3>\t\t\t\t<\/div>\n\t\t\t\t<\/div>\n\t\t\t\t<div class=\"elementor-element elementor-element-f168626 elementor-widget__width-auto elementor-align-center elementor-widget elementor-widget-button\" data-id=\"f168626\" data-element_type=\"widget\" data-e-type=\"widget\" data-widget_type=\"button.default\">\n\t\t\t\t<div class=\"elementor-widget-container\">\n\t\t\t\t\t\t\t\t\t<div class=\"elementor-button-wrapper\">\n\t\t\t\t\t<a class=\"elementor-button elementor-button-link elementor-size-sm\" href=\"https:\/\/blank.pt\/sobre-nos\">\n\t\t\t\t\t\t<span class=\"elementor-button-content-wrapper\">\n\t\t\t\t\t\t\t\t\t<span class=\"elementor-button-text\">SOBRE N\u00d3S<\/span>\n\t\t\t\t\t<\/span>\n\t\t\t\t\t<\/a>\n\t\t\t\t<\/div>\n\t\t\t\t\t\t\t\t<\/div>\n\t\t\t\t<\/div>\n\t\t\t\t<div class=\"elementor-element elementor-element-d1ea963 elementor-widget__width-auto elementor-align-center elementor-widget elementor-widget-button\" data-id=\"d1ea963\" data-element_type=\"widget\" data-e-type=\"widget\" data-widget_type=\"button.default\">\n\t\t\t\t<div class=\"elementor-widget-container\">\n\t\t\t\t\t\t\t\t\t<div class=\"elementor-button-wrapper\">\n\t\t\t\t\t<a class=\"elementor-button elementor-button-link elementor-size-sm\" href=\"https:\/\/blank.pt\/contactos\">\n\t\t\t\t\t\t<span class=\"elementor-button-content-wrapper\">\n\t\t\t\t\t\t\t\t\t<span class=\"elementor-button-text\">CONTACTOS<\/span>\n\t\t\t\t\t<\/span>\n\t\t\t\t\t<\/a>\n\t\t\t\t<\/div>\n\t\t\t\t\t\t\t\t<\/div>\n\t\t\t\t<\/div>\n\t\t\t\t\t<\/div>\n\t\t<\/div>\n\t\t\t\t\t<\/div>\n\t\t<\/section>\n\t\t\t\t\t<\/div>\n\t\t<\/div>\n\t\t\t\t\t<\/div>\n\t\t<\/section>\n\t\t\t\t<\/div>\n\t\t","protected":false},"excerpt":{"rendered":"<p>SUSTENTABILIDADE O futuro \u00e9 o presente A reciclagem e a responsabilidade social, ambiental e econ\u00f3mica foram, no passado, conceitos que ajudavam a resumir uma vis\u00e3o sustent\u00e1vel do nosso futuro. Hoje, por\u00e9m, s\u00e3o valores omnipresentes no nosso dia-a-dia. Esta preocupa\u00e7\u00e3o reflete-se na nossa forma de estar, e tem um impacto profundo na forma como planeamos todas [&hellip;]<\/p>\n","protected":false},"author":1,"featured_media":4132,"parent":0,"menu_order":0,"comment_status":"closed","ping_status":"closed","template":"","meta":{"om_disable_all_campaigns":false,"footnotes":""},"class_list":["post-705","page","type-page","status-publish","has-post-thumbnail","hentry"],"yoast_head":"<!-- This site is optimized with the Yoast SEO plugin v27.3 - https:\/\/yoast.com\/product\/yoast-seo-wordpress\/ -->\n<title>Sustentabilidade - Blank - Catering e Eventos<\/title>\n<meta name=\"description\" content=\"A reciclagem e a responsabilidade social, ambiental e econ\u00f3mica foram, no passado, conceitos que ajudavam a resumir uma vis\u00e3o sustent\u00e1vel do nosso futuro. Esta preocupa\u00e7\u00e3o reflete-se na nossa forma de estar, e tem um impacto profundo na forma como planeamos todas as \u00e1reas da nossa atividade.\" \/>\n<meta name=\"robots\" content=\"index, follow, max-snippet:-1, max-image-preview:large, max-video-preview:-1\" \/>\n<link rel=\"canonical\" href=\"https:\/\/blank.pt\/en\/sustentabilidade\/\" \/>\n<meta property=\"og:locale\" content=\"en_GB\" \/>\n<meta property=\"og:type\" content=\"article\" \/>\n<meta property=\"og:title\" content=\"Sustentabilidade - Blank - Catering e Eventos\" \/>\n<meta property=\"og:description\" content=\"A reciclagem e a responsabilidade social, ambiental e econ\u00f3mica foram, no passado, conceitos que ajudavam a resumir uma vis\u00e3o sustent\u00e1vel do nosso futuro. Esta preocupa\u00e7\u00e3o reflete-se na nossa forma de estar, e tem um impacto profundo na forma como planeamos todas as \u00e1reas da nossa atividade.\" \/>\n<meta property=\"og:url\" content=\"https:\/\/blank.pt\/en\/sustentabilidade\/\" \/>\n<meta property=\"og:site_name\" content=\"Blank - Catering e Eventos\" \/>\n<meta property=\"article:modified_time\" content=\"2025-01-21T17:48:37+00:00\" \/>\n<meta property=\"og:image\" content=\"https:\/\/blank.pt\/wp-content\/uploads\/2025\/01\/Blank-Quadrado-FINAL-Branco.png\" \/>\n\t<meta property=\"og:image:width\" content=\"1800\" \/>\n\t<meta property=\"og:image:height\" content=\"1800\" \/>\n\t<meta property=\"og:image:type\" content=\"image\/png\" \/>\n<meta name=\"twitter:card\" content=\"summary_large_image\" \/>\n<meta name=\"twitter:label1\" content=\"Estimated reading time\" \/>\n\t<meta name=\"twitter:data1\" content=\"3 minutes\" \/>\n<script type=\"application\/ld+json\" class=\"yoast-schema-graph\">{\"@context\":\"https:\\\/\\\/schema.org\",\"@graph\":[{\"@type\":\"WebPage\",\"@id\":\"https:\\\/\\\/blank.pt\\\/sustentabilidade\\\/\",\"url\":\"https:\\\/\\\/blank.pt\\\/sustentabilidade\\\/\",\"name\":\"Sustentabilidade - Blank - Catering e Eventos\",\"isPartOf\":{\"@id\":\"https:\\\/\\\/blank.pt\\\/#website\"},\"primaryImageOfPage\":{\"@id\":\"https:\\\/\\\/blank.pt\\\/sustentabilidade\\\/#primaryimage\"},\"image\":{\"@id\":\"https:\\\/\\\/blank.pt\\\/sustentabilidade\\\/#primaryimage\"},\"thumbnailUrl\":\"https:\\\/\\\/blank.pt\\\/wp-content\\\/uploads\\\/2025\\\/01\\\/Blank-Quadrado-FINAL-Branco.png\",\"datePublished\":\"2021-09-07T09:56:29+00:00\",\"dateModified\":\"2025-01-21T17:48:37+00:00\",\"description\":\"A reciclagem e a responsabilidade social, ambiental e econ\u00f3mica foram, no passado, conceitos que ajudavam a resumir uma vis\u00e3o sustent\u00e1vel do nosso futuro. Esta preocupa\u00e7\u00e3o reflete-se na nossa forma de estar, e tem um impacto profundo na forma como planeamos todas as \u00e1reas da nossa atividade.\",\"breadcrumb\":{\"@id\":\"https:\\\/\\\/blank.pt\\\/sustentabilidade\\\/#breadcrumb\"},\"inLanguage\":\"en-GB\",\"potentialAction\":[{\"@type\":\"ReadAction\",\"target\":[\"https:\\\/\\\/blank.pt\\\/sustentabilidade\\\/\"]}]},{\"@type\":\"ImageObject\",\"inLanguage\":\"en-GB\",\"@id\":\"https:\\\/\\\/blank.pt\\\/sustentabilidade\\\/#primaryimage\",\"url\":\"https:\\\/\\\/blank.pt\\\/wp-content\\\/uploads\\\/2025\\\/01\\\/Blank-Quadrado-FINAL-Branco.png\",\"contentUrl\":\"https:\\\/\\\/blank.pt\\\/wp-content\\\/uploads\\\/2025\\\/01\\\/Blank-Quadrado-FINAL-Branco.png\",\"width\":1800,\"height\":1800},{\"@type\":\"BreadcrumbList\",\"@id\":\"https:\\\/\\\/blank.pt\\\/sustentabilidade\\\/#breadcrumb\",\"itemListElement\":[{\"@type\":\"ListItem\",\"position\":1,\"name\":\"In\u00edcio\",\"item\":\"https:\\\/\\\/blank.pt\\\/\"},{\"@type\":\"ListItem\",\"position\":2,\"name\":\"Sustentabilidade\"}]},{\"@type\":\"WebSite\",\"@id\":\"https:\\\/\\\/blank.pt\\\/#website\",\"url\":\"https:\\\/\\\/blank.pt\\\/\",\"name\":\"Blank - Catering e Eventos\",\"description\":\"Criatividade, M\u00e9todo e Personaliza\u00e7\u00e3o. Uma experi\u00eancia de catering singular preparada para superar todas as expectativas.\",\"publisher\":{\"@id\":\"https:\\\/\\\/blank.pt\\\/#organization\"},\"potentialAction\":[{\"@type\":\"SearchAction\",\"target\":{\"@type\":\"EntryPoint\",\"urlTemplate\":\"https:\\\/\\\/blank.pt\\\/?s={search_term_string}\"},\"query-input\":{\"@type\":\"PropertyValueSpecification\",\"valueRequired\":true,\"valueName\":\"search_term_string\"}}],\"inLanguage\":\"en-GB\"},{\"@type\":\"Organization\",\"@id\":\"https:\\\/\\\/blank.pt\\\/#organization\",\"name\":\"Blank\",\"url\":\"https:\\\/\\\/blank.pt\\\/\",\"logo\":{\"@type\":\"ImageObject\",\"inLanguage\":\"en-GB\",\"@id\":\"https:\\\/\\\/blank.pt\\\/#\\\/schema\\\/logo\\\/image\\\/\",\"url\":\"https:\\\/\\\/blank.pt\\\/wp-content\\\/uploads\\\/2021\\\/10\\\/Blank-Logo-Black.png\",\"contentUrl\":\"https:\\\/\\\/blank.pt\\\/wp-content\\\/uploads\\\/2021\\\/10\\\/Blank-Logo-Black.png\",\"width\":1400,\"height\":499,\"caption\":\"Blank\"},\"image\":{\"@id\":\"https:\\\/\\\/blank.pt\\\/#\\\/schema\\\/logo\\\/image\\\/\"}}]}<\/script>\n<!-- \/ Yoast SEO plugin. -->","yoast_head_json":{"title":"Sustentabilidade - Blank - Catering e Eventos","description":"A reciclagem e a responsabilidade social, ambiental e econ\u00f3mica foram, no passado, conceitos que ajudavam a resumir uma vis\u00e3o sustent\u00e1vel do nosso futuro. Esta preocupa\u00e7\u00e3o reflete-se na nossa forma de estar, e tem um impacto profundo na forma como planeamos todas as \u00e1reas da nossa atividade.","robots":{"index":"index","follow":"follow","max-snippet":"max-snippet:-1","max-image-preview":"max-image-preview:large","max-video-preview":"max-video-preview:-1"},"canonical":"https:\/\/blank.pt\/en\/sustentabilidade\/","og_locale":"en_GB","og_type":"article","og_title":"Sustentabilidade - Blank - Catering e Eventos","og_description":"A reciclagem e a responsabilidade social, ambiental e econ\u00f3mica foram, no passado, conceitos que ajudavam a resumir uma vis\u00e3o sustent\u00e1vel do nosso futuro. Esta preocupa\u00e7\u00e3o reflete-se na nossa forma de estar, e tem um impacto profundo na forma como planeamos todas as \u00e1reas da nossa atividade.","og_url":"https:\/\/blank.pt\/en\/sustentabilidade\/","og_site_name":"Blank - Catering e Eventos","article_modified_time":"2025-01-21T17:48:37+00:00","og_image":[{"width":1800,"height":1800,"url":"https:\/\/blank.pt\/wp-content\/uploads\/2025\/01\/Blank-Quadrado-FINAL-Branco.png","type":"image\/png"}],"twitter_card":"summary_large_image","twitter_misc":{"Estimated reading time":"3 minutes"},"schema":{"@context":"https:\/\/schema.org","@graph":[{"@type":"WebPage","@id":"https:\/\/blank.pt\/sustentabilidade\/","url":"https:\/\/blank.pt\/sustentabilidade\/","name":"Sustentabilidade - Blank - Catering e Eventos","isPartOf":{"@id":"https:\/\/blank.pt\/#website"},"primaryImageOfPage":{"@id":"https:\/\/blank.pt\/sustentabilidade\/#primaryimage"},"image":{"@id":"https:\/\/blank.pt\/sustentabilidade\/#primaryimage"},"thumbnailUrl":"https:\/\/blank.pt\/wp-content\/uploads\/2025\/01\/Blank-Quadrado-FINAL-Branco.png","datePublished":"2021-09-07T09:56:29+00:00","dateModified":"2025-01-21T17:48:37+00:00","description":"A reciclagem e a responsabilidade social, ambiental e econ\u00f3mica foram, no passado, conceitos que ajudavam a resumir uma vis\u00e3o sustent\u00e1vel do nosso futuro. Esta preocupa\u00e7\u00e3o reflete-se na nossa forma de estar, e tem um impacto profundo na forma como planeamos todas as \u00e1reas da nossa atividade.","breadcrumb":{"@id":"https:\/\/blank.pt\/sustentabilidade\/#breadcrumb"},"inLanguage":"en-GB","potentialAction":[{"@type":"ReadAction","target":["https:\/\/blank.pt\/sustentabilidade\/"]}]},{"@type":"ImageObject","inLanguage":"en-GB","@id":"https:\/\/blank.pt\/sustentabilidade\/#primaryimage","url":"https:\/\/blank.pt\/wp-content\/uploads\/2025\/01\/Blank-Quadrado-FINAL-Branco.png","contentUrl":"https:\/\/blank.pt\/wp-content\/uploads\/2025\/01\/Blank-Quadrado-FINAL-Branco.png","width":1800,"height":1800},{"@type":"BreadcrumbList","@id":"https:\/\/blank.pt\/sustentabilidade\/#breadcrumb","itemListElement":[{"@type":"ListItem","position":1,"name":"In\u00edcio","item":"https:\/\/blank.pt\/"},{"@type":"ListItem","position":2,"name":"Sustentabilidade"}]},{"@type":"WebSite","@id":"https:\/\/blank.pt\/#website","url":"https:\/\/blank.pt\/","name":"Blank - Catering e Eventos","description":"Criatividade, M\u00e9todo e Personaliza\u00e7\u00e3o. Uma experi\u00eancia de catering singular preparada para superar todas as expectativas.","publisher":{"@id":"https:\/\/blank.pt\/#organization"},"potentialAction":[{"@type":"SearchAction","target":{"@type":"EntryPoint","urlTemplate":"https:\/\/blank.pt\/?s={search_term_string}"},"query-input":{"@type":"PropertyValueSpecification","valueRequired":true,"valueName":"search_term_string"}}],"inLanguage":"en-GB"},{"@type":"Organization","@id":"https:\/\/blank.pt\/#organization","name":"Blank","url":"https:\/\/blank.pt\/","logo":{"@type":"ImageObject","inLanguage":"en-GB","@id":"https:\/\/blank.pt\/#\/schema\/logo\/image\/","url":"https:\/\/blank.pt\/wp-content\/uploads\/2021\/10\/Blank-Logo-Black.png","contentUrl":"https:\/\/blank.pt\/wp-content\/uploads\/2021\/10\/Blank-Logo-Black.png","width":1400,"height":499,"caption":"Blank"},"image":{"@id":"https:\/\/blank.pt\/#\/schema\/logo\/image\/"}}]}},"_links":{"self":[{"href":"https:\/\/blank.pt\/en\/wp-json\/wp\/v2\/pages\/705","targetHints":{"allow":["GET"]}}],"collection":[{"href":"https:\/\/blank.pt\/en\/wp-json\/wp\/v2\/pages"}],"about":[{"href":"https:\/\/blank.pt\/en\/wp-json\/wp\/v2\/types\/page"}],"author":[{"embeddable":true,"href":"https:\/\/blank.pt\/en\/wp-json\/wp\/v2\/users\/1"}],"replies":[{"embeddable":true,"href":"https:\/\/blank.pt\/en\/wp-json\/wp\/v2\/comments?post=705"}],"version-history":[{"count":118,"href":"https:\/\/blank.pt\/en\/wp-json\/wp\/v2\/pages\/705\/revisions"}],"predecessor-version":[{"id":3745,"href":"https:\/\/blank.pt\/en\/wp-json\/wp\/v2\/pages\/705\/revisions\/3745"}],"wp:featuredmedia":[{"embeddable":true,"href":"https:\/\/blank.pt\/en\/wp-json\/wp\/v2\/media\/4132"}],"wp:attachment":[{"href":"https:\/\/blank.pt\/en\/wp-json\/wp\/v2\/media?parent=705"}],"curies":[{"name":"wp","href":"https:\/\/api.w.org\/{rel}","templated":true}]}}